{"version":"1.0","provider_name":"Librairie Trait d&#039;Union | Noirmoutier","provider_url":"https:\/\/librairietraitdunion.fr","author_name":"librairietraitdunion","author_url":"https:\/\/librairietraitdunion.fr\/author\/librairietraitdunion\/","title":"2016 (avril) : le printemps \u00e0 la librairie - Librairie Trait d&#039;Union | Noirmoutier","type":"rich","width":600,"height":338,"html":"<blockquote class=\"wp-embedded-content\" data-secret=\"d8Q2xlcgx8\"><a href=\"https:\/\/librairietraitdunion.fr\/alexandre-couillon-decembre-2016\/\">2016 (avril) : le printemps \u00e0 la librairie<\/a><\/blockquote><iframe sandbox=\"allow-scripts\" security=\"restricted\" src=\"https:\/\/librairietraitdunion.fr\/alexandre-couillon-decembre-2016\/embed\/#?secret=d8Q2xlcgx8\" width=\"600\" height=\"338\" title=\"\u00ab\u00a02016 (avril) : le printemps \u00e0 la librairie\u00a0\u00bb &#8212; Librairie Trait d&#039;Union | Noirmoutier\" data-secret=\"d8Q2xlcgx8\" frameborder=\"0\" marginwidth=\"0\" marginheight=\"0\" scrolling=\"no\" class=\"wp-embedded-content\"><\/iframe><script type=\"text\/javascript\">\n\/* <![CDATA[ *\/\n\/*! This file is auto-generated *\/\n!function(d,l){\"use strict\";l.querySelector&&d.addEventListener&&\"undefined\"!=typeof URL&&(d.wp=d.wp||{},d.wp.receiveEmbedMessage||(d.wp.receiveEmbedMessage=function(e){var t=e.data;if((t||t.secret||t.message||t.value)&&!\/[^a-zA-Z0-9]\/.test(t.secret)){for(var s,r,n,a=l.querySelectorAll('iframe[data-secret=\"'+t.secret+'\"]'),o=l.querySelectorAll('blockquote[data-secret=\"'+t.secret+'\"]'),c=new RegExp(\"^https?:$\",\"i\"),i=0;i<o.length;i++)o[i].style.display=\"none\";for(i=0;i<a.length;i++)s=a[i],e.source===s.contentWindow&&(s.removeAttribute(\"style\"),\"height\"===t.message?(1e3<(r=parseInt(t.value,10))?r=1e3:~~r<200&&(r=200),s.height=r):\"link\"===t.message&&(r=new URL(s.getAttribute(\"src\")),n=new URL(t.value),c.test(n.protocol))&&n.host===r.host&&l.activeElement===s&&(d.top.location.href=t.value))}},d.addEventListener(\"message\",d.wp.receiveEmbedMessage,!1),l.addEventListener(\"DOMContentLoaded\",function(){for(var e,t,s=l.querySelectorAll(\"iframe.wp-embedded-content\"),r=0;r<s.length;r++)(t=(e=s[r]).getAttribute(\"data-secret\"))||(t=Math.random().toString(36).substring(2,12),e.src+=\"#?secret=\"+t,e.setAttribute(\"data-secret\",t)),e.contentWindow.postMessage({message:\"ready\",secret:t},\"*\")},!1)))}(window,document);\n\/* ]]> *\/\n<\/script>\n","description":"[et_pb_section bb_built=\u00a0\u00bb1&Prime;][et_pb_row][et_pb_column type=\u00a0\u00bb4_4&Prime;][et_pb_text _builder_version=\u00a0\u00bb3.18.4&Prime;] Bonjour \u00e0 tous, Ahhhh, les dimanches d\u2019avril \u00e0 Noirmoutier : le petit d\u00e8j. en r\u00eavant du soleil de juillet \u00a0; le caf\u00e9 coll\u00e9 serr\u00e9 dans la librairie \u00e0 12 autour de la seule table prot\u00e9g\u00e9e \u00a0; le march\u00e9 sous les b\u00e2ches et les premi\u00e8res pommes de terre \u00e0 28 euros les [&hellip;]","thumbnail_url":"https:\/\/librairietraitdunion.fr\/wp-content\/uploads\/2016\/04\/image-pluie-dm9945.jpg"}