{"version":"1.0","provider_name":"Librairie Trait d&#039;Union | Noirmoutier","provider_url":"https:\/\/librairietraitdunion.fr","author_name":"admin-traitdunion","author_url":"https:\/\/librairietraitdunion.fr\/author\/admin-traitdunion\/","title":"2018 (janvier) : les Voeux de Trait d'Union - Librairie Trait d&#039;Union | Noirmoutier","type":"rich","width":600,"height":338,"html":"<blockquote class=\"wp-embedded-content\" data-secret=\"TFTEavRvYw\"><a href=\"https:\/\/librairietraitdunion.fr\/des-nouvelles-de-trait-dunion-noirmoutier-decembre-2017\/\">2018 (janvier) : les Voeux de Trait d&rsquo;Union<\/a><\/blockquote><iframe sandbox=\"allow-scripts\" security=\"restricted\" src=\"https:\/\/librairietraitdunion.fr\/des-nouvelles-de-trait-dunion-noirmoutier-decembre-2017\/embed\/#?secret=TFTEavRvYw\" width=\"600\" height=\"338\" title=\"\u00ab\u00a02018 (janvier) : les Voeux de Trait d&rsquo;Union\u00a0\u00bb &#8212; Librairie Trait d&#039;Union | Noirmoutier\" data-secret=\"TFTEavRvYw\" frameborder=\"0\" marginwidth=\"0\" marginheight=\"0\" scrolling=\"no\" class=\"wp-embedded-content\"><\/iframe><script type=\"text\/javascript\">\n\/* <![CDATA[ *\/\n\/*! This file is auto-generated *\/\n!function(d,l){\"use strict\";l.querySelector&&d.addEventListener&&\"undefined\"!=typeof URL&&(d.wp=d.wp||{},d.wp.receiveEmbedMessage||(d.wp.receiveEmbedMessage=function(e){var t=e.data;if((t||t.secret||t.message||t.value)&&!\/[^a-zA-Z0-9]\/.test(t.secret)){for(var s,r,n,a=l.querySelectorAll('iframe[data-secret=\"'+t.secret+'\"]'),o=l.querySelectorAll('blockquote[data-secret=\"'+t.secret+'\"]'),c=new RegExp(\"^https?:$\",\"i\"),i=0;i<o.length;i++)o[i].style.display=\"none\";for(i=0;i<a.length;i++)s=a[i],e.source===s.contentWindow&&(s.removeAttribute(\"style\"),\"height\"===t.message?(1e3<(r=parseInt(t.value,10))?r=1e3:~~r<200&&(r=200),s.height=r):\"link\"===t.message&&(r=new URL(s.getAttribute(\"src\")),n=new URL(t.value),c.test(n.protocol))&&n.host===r.host&&l.activeElement===s&&(d.top.location.href=t.value))}},d.addEventListener(\"message\",d.wp.receiveEmbedMessage,!1),l.addEventListener(\"DOMContentLoaded\",function(){for(var e,t,s=l.querySelectorAll(\"iframe.wp-embedded-content\"),r=0;r<s.length;r++)(t=(e=s[r]).getAttribute(\"data-secret\"))||(t=Math.random().toString(36).substring(2,12),e.src+=\"#?secret=\"+t,e.setAttribute(\"data-secret\",t)),e.contentWindow.postMessage({message:\"ready\",secret:t},\"*\")},!1)))}(window,document);\n\/* ]]> *\/\n<\/script>\n","description":"[et_pb_section bb_built=\u00a0\u00bb1&Prime;][et_pb_row][et_pb_column type=\u00a0\u00bb4_4&Prime;][et_pb_text _builder_version=\u00a0\u00bb3.17.6&Prime;] Bonjour \u00e0 tous fid\u00e8les auteurs fid\u00e8les lecteurs Voici venir\u00a0nos voeux\u00a0\u00e0 nous c\u2019est d\u00e9j\u00e0 l&rsquo;heure Vous avez remarqu\u00e9 que je m\u2019y prends toujours Juste au dernier moment m\u00eame si j\u2019y pense chaq\u2019jour \u00a0 Cette fois c\u2019est d\u00e9cid\u00e9 pour la nouvelle ann\u00e9e, En vers de\u00a0douze pieds\u00a0j&rsquo;aimerais m\u2019exprimer Ca change un peu et puis [&hellip;]","thumbnail_url":"https:\/\/librairietraitdunion.fr\/wp-content\/uploads\/2018\/11\/pair-of-champagne-glasses-holiday-toast-vector-id612723736.png"}